{"id":219,"date":"2018-08-10T09:41:12","date_gmt":"2018-08-10T07:41:12","guid":{"rendered":"http:\/\/www.uk-halle.de\/loewenkids\/?page_id=219"},"modified":"2023-04-26T09:39:34","modified_gmt":"2023-04-26T07:39:34","slug":"vorstudie-zur-machbarkeit","status":"publish","type":"page","link":"https:\/\/webszh.uk-halle.de\/loewenkids\/wissenschaftliches\/vorstudie-zur-machbarkeit\/","title":{"rendered":"Vorstudie zur Machbarkeit"},"content":{"rendered":"\t\t<div data-elementor-type=\"wp-page\" data-elementor-id=\"219\" class=\"elementor elementor-219\" data-elementor-post-type=\"page\">\n\t\t\t\t\t\t<section class=\"elementor-section elementor-top-section elementor-element elementor-element-7c54771 elementor-section-boxed elementor-section-height-default elementor-section-height-default\" data-id=\"7c54771\" data-element_type=\"section\" data-e-type=\"section\">\n\t\t\t\t\t\t<div class=\"elementor-container elementor-column-gap-default\">\n\t\t\t\t\t<div class=\"elementor-column elementor-col-100 elementor-top-column elementor-element elementor-element-3d3f37a\" data-id=\"3d3f37a\" data-element_type=\"column\" data-e-type=\"column\">\n\t\t\t<div class=\"elementor-widget-wrap elementor-element-populated\">\n\t\t\t\t\t\t<div class=\"elementor-element elementor-element-32c6fa6 elementor-widget elementor-widget-spacer\" data-id=\"32c6fa6\" data-element_type=\"widget\" data-e-type=\"widget\" data-widget_type=\"spacer.default\">\n\t\t\t\t\t\t\t<div class=\"elementor-spacer\">\n\t\t\t<div class=\"elementor-spacer-inner\"><\/div>\n\t\t<\/div>\n\t\t\t\t\t\t<\/div>\n\t\t\t\t<div class=\"elementor-element elementor-element-3a4800f elementor-widget elementor-widget-heading\" data-id=\"3a4800f\" data-element_type=\"widget\" data-e-type=\"widget\" data-widget_type=\"heading.default\">\n\t\t\t\t\t<h2 class=\"elementor-heading-title elementor-size-large\">VORSTUDIE ZUR MACHBARKEIT<\/h2>\t\t\t\t<\/div>\n\t\t\t\t<div class=\"elementor-element elementor-element-e8d40d0 elementor-widget-divider--view-line elementor-widget elementor-widget-divider\" data-id=\"e8d40d0\" data-element_type=\"widget\" data-e-type=\"widget\" data-widget_type=\"divider.default\">\n\t\t\t\t\t\t\t<div class=\"elementor-divider\">\n\t\t\t<span class=\"elementor-divider-separator\">\n\t\t\t\t\t\t<\/span>\n\t\t<\/div>\n\t\t\t\t\t\t<\/div>\n\t\t\t\t<div class=\"elementor-element elementor-element-491663f elementor-widget elementor-widget-spacer\" data-id=\"491663f\" data-element_type=\"widget\" data-e-type=\"widget\" data-widget_type=\"spacer.default\">\n\t\t\t\t\t\t\t<div class=\"elementor-spacer\">\n\t\t\t<div class=\"elementor-spacer-inner\"><\/div>\n\t\t<\/div>\n\t\t\t\t\t\t<\/div>\n\t\t\t\t<div class=\"elementor-element elementor-element-2f97572 elementor-widget elementor-widget-text-editor\" data-id=\"2f97572\" data-element_type=\"widget\" data-e-type=\"widget\" data-widget_type=\"text-editor.default\">\n\t\t\t\t\t\t\t\t\t<p>Im Rahmen der Vorstudie wollten wir die von uns entwickelten Materialien zur Erfassung von Erk\u00e4ltungen und Magen-Darm-Erkrankungen bei Kleinkindern testen. Au\u00dferdem sammelten wir erste Ergebnisse bez\u00fcglich der H\u00e4ufigkeit von Infektionen bei Kleinkindern in Kitas. Die Vorstudie wurde von November 2013 bis Juni 2014 durchgef\u00fchrt.<\/p>\t\t\t\t\t\t\t\t<\/div>\n\t\t\t\t<div class=\"elementor-element elementor-element-ab3d701 elementor-widget elementor-widget-spacer\" data-id=\"ab3d701\" data-element_type=\"widget\" data-e-type=\"widget\" data-widget_type=\"spacer.default\">\n\t\t\t\t\t\t\t<div class=\"elementor-spacer\">\n\t\t\t<div class=\"elementor-spacer-inner\"><\/div>\n\t\t<\/div>\n\t\t\t\t\t\t<\/div>\n\t\t\t\t<div class=\"elementor-element elementor-element-e1a3fdb elementor-hidden-mobile elementor-icon-list--layout-traditional elementor-list-item-link-full_width elementor-widget elementor-widget-icon-list\" data-id=\"e1a3fdb\" data-element_type=\"widget\" data-e-type=\"widget\" data-widget_type=\"icon-list.default\">\n\t\t\t\t\t\t\t<ul class=\"elementor-icon-list-items\">\n\t\t\t\t\t\t\t<li class=\"elementor-icon-list-item\">\n\t\t\t\t\t\t\t\t\t\t\t<span class=\"elementor-icon-list-icon\">\n\t\t\t\t\t\t\t<svg aria-hidden=\"true\" class=\"e-font-icon-svg e-fas-child\" viewBox=\"0 0 384 512\" xmlns=\"http:\/\/www.w3.org\/2000\/svg\"><path d=\"M120 72c0-39.765 32.235-72 72-72s72 32.235 72 72c0 39.764-32.235 72-72 72s-72-32.236-72-72zm254.627 1.373c-12.496-12.497-32.758-12.497-45.254 0L242.745 160H141.254L54.627 73.373c-12.496-12.497-32.758-12.497-45.254 0-12.497 12.497-12.497 32.758 0 45.255L104 213.254V480c0 17.673 14.327 32 32 32h16c17.673 0 32-14.327 32-32V368h16v112c0 17.673 14.327 32 32 32h16c17.673 0 32-14.327 32-32V213.254l94.627-94.627c12.497-12.497 12.497-32.757 0-45.254z\"><\/path><\/svg>\t\t\t\t\t\t<\/span>\n\t\t\t\t\t\t\t\t\t\t<span class=\"elementor-icon-list-text\"><b>Wer hat an der Studie teilgenommen?<\/b> Insgesamt nahmen 75 Eltern mit ihren Kindern teil. Die Kinder kamen aus 24 verschiedenen Kitas. Pro Kita erkl\u00e4rten sich 1 bis 9 Eltern zur Studienteilnahme bereit. Die Kinder (34 Jungen, 41 M\u00e4dchen) waren zu Studienbeginn durchschnittlich 24 Monate alt.<\/span>\n\t\t\t\t\t\t\t\t\t<\/li>\n\t\t\t\t\t\t\t\t<li class=\"elementor-icon-list-item\">\n\t\t\t\t\t\t\t\t\t\t\t<span class=\"elementor-icon-list-icon\">\n\t\t\t\t\t\t\t<svg aria-hidden=\"true\" class=\"e-font-icon-svg e-fas-book-open\" viewBox=\"0 0 576 512\" xmlns=\"http:\/\/www.w3.org\/2000\/svg\"><path d=\"M542.22 32.05c-54.8 3.11-163.72 14.43-230.96 55.59-4.64 2.84-7.27 7.89-7.27 13.17v363.87c0 11.55 12.63 18.85 23.28 13.49 69.18-34.82 169.23-44.32 218.7-46.92 16.89-.89 30.02-14.43 30.02-30.66V62.75c.01-17.71-15.35-31.74-33.77-30.7zM264.73 87.64C197.5 46.48 88.58 35.17 33.78 32.05 15.36 31.01 0 45.04 0 62.75V400.6c0 16.24 13.13 29.78 30.02 30.66 49.49 2.6 149.59 12.11 218.77 46.95 10.62 5.35 23.21-1.94 23.21-13.46V100.63c0-5.29-2.62-10.14-7.27-12.99z\"><\/path><\/svg>\t\t\t\t\t\t<\/span>\n\t\t\t\t\t\t\t\t\t\t<span class=\"elementor-icon-list-text\"><b>F\u00fchren eines Symptomtagebuchs:<\/b> Wir baten die Eltern, drei Monate lang ein Tagebuch zu Symptomen bei ihrem Kind zu f\u00fchren. Von 41 Eltern (54,7%) haben wir ein komplett ausgef\u00fclltes Symptomtagbuch erhalten (90 Tage), weitere 17 Eltern (22,7%) f\u00fcllten mehr als 74 Tage aus. Dank der Angaben im Machbarkeitsfragebogen und in mit den Eltern durchgef\u00fchrten Interviews konnten wir das Symptomtagebuch f\u00fcr den Einsatz in der Langzeitstudie optimieren.<\/span>\n\t\t\t\t\t\t\t\t\t<\/li>\n\t\t\t\t\t\t\t\t<li class=\"elementor-icon-list-item\">\n\t\t\t\t\t\t\t\t\t\t\t<span class=\"elementor-icon-list-icon\">\n\t\t\t\t\t\t\t<svg aria-hidden=\"true\" class=\"e-font-icon-svg e-fas-thermometer\" viewBox=\"0 0 512 512\" xmlns=\"http:\/\/www.w3.org\/2000\/svg\"><path d=\"M476.8 20.4c-37.5-30.7-95.5-26.3-131.9 10.2l-45.7 46 50.5 50.5c3.1 3.1 3.1 8.2 0 11.3l-11.3 11.3c-3.1 3.1-8.2 3.1-11.3 0l-50.4-50.5-45.1 45.4 50.3 50.4c3.1 3.1 3.1 8.2 0 11.3l-11.3 11.3c-3.1 3.1-8.2 3.1-11.3 0L209 167.4l-45.1 45.4L214 263c3.1 3.1 3.1 8.2 0 11.3l-11.3 11.3c-3.1 3.1-8.2 3.1-11.3 0l-50.1-50.2L96 281.1V382L7 471c-9.4 9.4-9.4 24.6 0 33.9 9.4 9.4 24.6 9.4 33.9 0l89-89h99.9L484 162.6c34.9-34.9 42.2-101.5-7.2-142.2z\"><\/path><\/svg>\t\t\t\t\t\t<\/span>\n\t\t\t\t\t\t\t\t\t\t<span class=\"elementor-icon-list-text\"><b>Welche Symptome sind aufgetreten?<\/b> Insgesamt liegen uns f\u00fcr 5584 Tage Angaben \u00fcber das Auftreten von Symptomen einer Erk\u00e4ltung oder Magen-Darm-Erkrankung bei den teilnehmenden Kindern vor.  An etwas mehr als einem Drittel der Tage hatten die Kinder Schnupfen. Das zweith\u00e4ufigste Symptom war Husten.<\/span>\n\t\t\t\t\t\t\t\t\t<\/li>\n\t\t\t\t\t\t\t\t<li class=\"elementor-icon-list-item\">\n\t\t\t\t\t\t\t\t\t\t\t<span class=\"elementor-icon-list-icon\">\n\t\t\t\t\t\t\t<svg aria-hidden=\"true\" class=\"e-font-icon-svg e-fas-vials\" viewBox=\"0 0 640 512\" xmlns=\"http:\/\/www.w3.org\/2000\/svg\"><path d=\"M72 64h24v240c0 44.1 35.9 80 80 80s80-35.9 80-80V64h24c4.4 0 8-3.6 8-8V8c0-4.4-3.6-8-8-8H72c-4.4 0-8 3.6-8 8v48c0 4.4 3.6 8 8 8zm72 0h64v96h-64V64zm480 384H16c-8.8 0-16 7.2-16 16v32c0 8.8 7.2 16 16 16h608c8.8 0 16-7.2 16-16v-32c0-8.8-7.2-16-16-16zM360 64h24v240c0 44.1 35.9 80 80 80s80-35.9 80-80V64h24c4.4 0 8-3.6 8-8V8c0-4.4-3.6-8-8-8H360c-4.4 0-8 3.6-8 8v48c0 4.4 3.6 8 8 8zm72 0h64v96h-64V64z\"><\/path><\/svg>\t\t\t\t\t\t<\/span>\n\t\t\t\t\t\t\t\t\t\t<span class=\"elementor-icon-list-text\"><b>Entnahme von Nasenabstrichen und Stuhlproben: <\/b>Weiterhin baten wir die Eltern darum, Nasenabstriche und Stuhlproben von ihrem Kind zu entnehmen, und zwar monatlich zu jeweils festen Zeitpunkten (insgesamt drei Mal) und einmalig beim Auftreten von Symptomen.  Von 58 Familien (77,3%) haben wir drei oder mehr Stuhlproben erhalten und von 49 Familien (65,3%) drei oder mehr Nasenabstriche. Die Nasenabstriche, die beim Auftreten von Erk\u00e4ltungssymptomen entnommen wurden, haben wir auf das Vorhandensein von Erk\u00e4ltungsviren untersucht. In Abbildung 1 ist dargestellt, welche Viren wir in den Nasenabstrichen nachweisen konnten.<\/span>\n\t\t\t\t\t\t\t\t\t<\/li>\n\t\t\t\t\t\t<\/ul>\n\t\t\t\t\t\t<\/div>\n\t\t\t\t<div class=\"elementor-element elementor-element-f701f51 elementor-hidden-desktop elementor-hidden-tablet elementor-view-default elementor-position-block-start elementor-mobile-position-block-start elementor-widget elementor-widget-icon-box\" data-id=\"f701f51\" data-element_type=\"widget\" data-e-type=\"widget\" data-widget_type=\"icon-box.default\">\n\t\t\t\t\t\t\t<div class=\"elementor-icon-box-wrapper\">\n\n\t\t\t\t\t\t<div class=\"elementor-icon-box-icon\">\n\t\t\t\t<span  class=\"elementor-icon\">\n\t\t\t\t<svg aria-hidden=\"true\" class=\"e-font-icon-svg e-fas-child\" viewBox=\"0 0 384 512\" xmlns=\"http:\/\/www.w3.org\/2000\/svg\"><path d=\"M120 72c0-39.765 32.235-72 72-72s72 32.235 72 72c0 39.764-32.235 72-72 72s-72-32.236-72-72zm254.627 1.373c-12.496-12.497-32.758-12.497-45.254 0L242.745 160H141.254L54.627 73.373c-12.496-12.497-32.758-12.497-45.254 0-12.497 12.497-12.497 32.758 0 45.255L104 213.254V480c0 17.673 14.327 32 32 32h16c17.673 0 32-14.327 32-32V368h16v112c0 17.673 14.327 32 32 32h16c17.673 0 32-14.327 32-32V213.254l94.627-94.627c12.497-12.497 12.497-32.757 0-45.254z\"><\/path><\/svg>\t\t\t\t<\/span>\n\t\t\t<\/div>\n\t\t\t\n\t\t\t\t\t\t<div class=\"elementor-icon-box-content\">\n\n\t\t\t\t\n\t\t\t\t\t\t\t\t\t<p class=\"elementor-icon-box-description\">\n\t\t\t\t\t\t<b>Wer hat an der Studie teilgenommen?<\/b> Insgesamt nahmen 75 Eltern mit ihren Kindern teil. Die Kinder kamen aus 24 verschiedenen Kitas. Pro Kita erkl\u00e4rten sich 1 bis 9 Eltern zur Studienteilnahme bereit. Die Kinder (34 Jungen, 41 M\u00e4dchen) waren zu Studienbeginn durchschnittlich 24 Monate alt.\t\t\t\t\t<\/p>\n\t\t\t\t\n\t\t\t<\/div>\n\t\t\t\n\t\t<\/div>\n\t\t\t\t\t\t<\/div>\n\t\t\t\t<div class=\"elementor-element elementor-element-21b2b04 elementor-hidden-desktop elementor-hidden-tablet elementor-view-default elementor-position-block-start elementor-mobile-position-block-start elementor-widget elementor-widget-icon-box\" data-id=\"21b2b04\" data-element_type=\"widget\" data-e-type=\"widget\" data-widget_type=\"icon-box.default\">\n\t\t\t\t\t\t\t<div class=\"elementor-icon-box-wrapper\">\n\n\t\t\t\t\t\t<div class=\"elementor-icon-box-icon\">\n\t\t\t\t<span  class=\"elementor-icon\">\n\t\t\t\t<svg aria-hidden=\"true\" class=\"e-font-icon-svg e-fas-book-open\" viewBox=\"0 0 576 512\" xmlns=\"http:\/\/www.w3.org\/2000\/svg\"><path d=\"M542.22 32.05c-54.8 3.11-163.72 14.43-230.96 55.59-4.64 2.84-7.27 7.89-7.27 13.17v363.87c0 11.55 12.63 18.85 23.28 13.49 69.18-34.82 169.23-44.32 218.7-46.92 16.89-.89 30.02-14.43 30.02-30.66V62.75c.01-17.71-15.35-31.74-33.77-30.7zM264.73 87.64C197.5 46.48 88.58 35.17 33.78 32.05 15.36 31.01 0 45.04 0 62.75V400.6c0 16.24 13.13 29.78 30.02 30.66 49.49 2.6 149.59 12.11 218.77 46.95 10.62 5.35 23.21-1.94 23.21-13.46V100.63c0-5.29-2.62-10.14-7.27-12.99z\"><\/path><\/svg>\t\t\t\t<\/span>\n\t\t\t<\/div>\n\t\t\t\n\t\t\t\t\t\t<div class=\"elementor-icon-box-content\">\n\n\t\t\t\t\n\t\t\t\t\t\t\t\t\t<p class=\"elementor-icon-box-description\">\n\t\t\t\t\t\t<b>F\u00fchren eines Symptomtagebuchs:<\/b> Wir baten die Eltern, drei Monate lang ein Tagebuch zu Symptomen bei ihrem Kind zu f\u00fchren. Von 41 Eltern (54,7%) haben wir ein komplett ausgef\u00fclltes Symptomtagbuch erhalten (90 Tage), weitere 17 Eltern (22,7%) f\u00fcllten mehr als 74 Tage aus. Dank der Angaben im Machbarkeitsfragebogen und in mit den Eltern durchgef\u00fchrten Interviews konnten wir das Symptomtagebuch f\u00fcr den Einsatz in der Langzeitstudie optimieren.\t\t\t\t\t<\/p>\n\t\t\t\t\n\t\t\t<\/div>\n\t\t\t\n\t\t<\/div>\n\t\t\t\t\t\t<\/div>\n\t\t\t\t<div class=\"elementor-element elementor-element-5abe426 elementor-hidden-desktop elementor-hidden-tablet elementor-view-default elementor-position-block-start elementor-mobile-position-block-start elementor-widget elementor-widget-icon-box\" data-id=\"5abe426\" data-element_type=\"widget\" data-e-type=\"widget\" data-widget_type=\"icon-box.default\">\n\t\t\t\t\t\t\t<div class=\"elementor-icon-box-wrapper\">\n\n\t\t\t\t\t\t<div class=\"elementor-icon-box-icon\">\n\t\t\t\t<span  class=\"elementor-icon\">\n\t\t\t\t<svg aria-hidden=\"true\" class=\"e-font-icon-svg e-fas-thermometer\" viewBox=\"0 0 512 512\" xmlns=\"http:\/\/www.w3.org\/2000\/svg\"><path d=\"M476.8 20.4c-37.5-30.7-95.5-26.3-131.9 10.2l-45.7 46 50.5 50.5c3.1 3.1 3.1 8.2 0 11.3l-11.3 11.3c-3.1 3.1-8.2 3.1-11.3 0l-50.4-50.5-45.1 45.4 50.3 50.4c3.1 3.1 3.1 8.2 0 11.3l-11.3 11.3c-3.1 3.1-8.2 3.1-11.3 0L209 167.4l-45.1 45.4L214 263c3.1 3.1 3.1 8.2 0 11.3l-11.3 11.3c-3.1 3.1-8.2 3.1-11.3 0l-50.1-50.2L96 281.1V382L7 471c-9.4 9.4-9.4 24.6 0 33.9 9.4 9.4 24.6 9.4 33.9 0l89-89h99.9L484 162.6c34.9-34.9 42.2-101.5-7.2-142.2z\"><\/path><\/svg>\t\t\t\t<\/span>\n\t\t\t<\/div>\n\t\t\t\n\t\t\t\t\t\t<div class=\"elementor-icon-box-content\">\n\n\t\t\t\t\n\t\t\t\t\t\t\t\t\t<p class=\"elementor-icon-box-description\">\n\t\t\t\t\t\t<b>Welche Symptome sind aufgetreten?<\/b> Insgesamt liegen uns f\u00fcr 5584 Tage Angaben \u00fcber das Auftreten von Symptomen einer Erk\u00e4ltung oder Magen-Darm-Erkrankung bei den teilnehmenden Kindern vor.  An etwas mehr als einem Drittel der Tage hatten die Kinder Schnupfen. Das zweith\u00e4ufigste Symptom war Husten.\t\t\t\t\t<\/p>\n\t\t\t\t\n\t\t\t<\/div>\n\t\t\t\n\t\t<\/div>\n\t\t\t\t\t\t<\/div>\n\t\t\t\t<div class=\"elementor-element elementor-element-e6b9665 elementor-hidden-desktop elementor-hidden-tablet elementor-view-default elementor-position-block-start elementor-mobile-position-block-start elementor-widget elementor-widget-icon-box\" data-id=\"e6b9665\" data-element_type=\"widget\" data-e-type=\"widget\" data-widget_type=\"icon-box.default\">\n\t\t\t\t\t\t\t<div class=\"elementor-icon-box-wrapper\">\n\n\t\t\t\t\t\t<div class=\"elementor-icon-box-icon\">\n\t\t\t\t<span  class=\"elementor-icon\">\n\t\t\t\t<svg aria-hidden=\"true\" class=\"e-font-icon-svg e-fas-vials\" viewBox=\"0 0 640 512\" xmlns=\"http:\/\/www.w3.org\/2000\/svg\"><path d=\"M72 64h24v240c0 44.1 35.9 80 80 80s80-35.9 80-80V64h24c4.4 0 8-3.6 8-8V8c0-4.4-3.6-8-8-8H72c-4.4 0-8 3.6-8 8v48c0 4.4 3.6 8 8 8zm72 0h64v96h-64V64zm480 384H16c-8.8 0-16 7.2-16 16v32c0 8.8 7.2 16 16 16h608c8.8 0 16-7.2 16-16v-32c0-8.8-7.2-16-16-16zM360 64h24v240c0 44.1 35.9 80 80 80s80-35.9 80-80V64h24c4.4 0 8-3.6 8-8V8c0-4.4-3.6-8-8-8H360c-4.4 0-8 3.6-8 8v48c0 4.4 3.6 8 8 8zm72 0h64v96h-64V64z\"><\/path><\/svg>\t\t\t\t<\/span>\n\t\t\t<\/div>\n\t\t\t\n\t\t\t\t\t\t<div class=\"elementor-icon-box-content\">\n\n\t\t\t\t\n\t\t\t\t\t\t\t\t\t<p class=\"elementor-icon-box-description\">\n\t\t\t\t\t\t<b>Entnahme von Nasenabstrichen und Stuhlproben: <\/b>Weiterhin baten wir die Eltern darum, Nasenabstriche und Stuhlproben von ihrem Kind zu entnehmen, und zwar monatlich zu jeweils festen Zeitpunkten (insgesamt drei Mal) und einmalig beim Auftreten von Symptomen.  Von 58 Familien (77,3%) haben wir drei oder mehr Stuhlproben erhalten und von 49 Familien (65,3%) drei oder mehr Nasenabstriche. Die Nasenabstriche, die beim Auftreten von Erk\u00e4ltungssymptomen entnommen wurden, haben wir auf das Vorhandensein von Erk\u00e4ltungsviren untersucht. In Abbildung 1 ist dargestellt, welche Viren wir in den Nasenabstrichen nachweisen konnten.\t\t\t\t\t<\/p>\n\t\t\t\t\n\t\t\t<\/div>\n\t\t\t\n\t\t<\/div>\n\t\t\t\t\t\t<\/div>\n\t\t\t\t<div class=\"elementor-element elementor-element-756a364 elementor-widget elementor-widget-spacer\" data-id=\"756a364\" data-element_type=\"widget\" data-e-type=\"widget\" data-widget_type=\"spacer.default\">\n\t\t\t\t\t\t\t<div class=\"elementor-spacer\">\n\t\t\t<div class=\"elementor-spacer-inner\"><\/div>\n\t\t<\/div>\n\t\t\t\t\t\t<\/div>\n\t\t\t\t<div class=\"elementor-element elementor-element-315bc7c elementor-widget elementor-widget-image\" data-id=\"315bc7c\" data-element_type=\"widget\" data-e-type=\"widget\" data-widget_type=\"image.default\">\n\t\t\t\t\t\t\t\t\t\t\t\t<figure class=\"wp-caption\">\n\t\t\t\t\t\t\t\t\t\t<img fetchpriority=\"high\" decoding=\"async\" width=\"600\" height=\"441\" src=\"https:\/\/webszh.uk-halle.de\/loewenkids\/wp-content\/uploads\/2018\/08\/csm_Legende_Viren_a8ec1149a9.png\" class=\"attachment-medium_large size-medium_large wp-image-220\" alt=\"\" srcset=\"https:\/\/webszh.uk-halle.de\/loewenkids\/wp-content\/uploads\/2018\/08\/csm_Legende_Viren_a8ec1149a9.png 600w, https:\/\/webszh.uk-halle.de\/loewenkids\/wp-content\/uploads\/2018\/08\/csm_Legende_Viren_a8ec1149a9-300x221.png 300w\" sizes=\"(max-width: 600px) 100vw, 600px\" \/>\t\t\t\t\t\t\t\t\t\t\t<figcaption class=\"widget-image-caption wp-caption-text\">Abbildung 1: Virusfunde in den 42 Nasenabstrichen bei Symptomen (in %)<\/figcaption>\n\t\t\t\t\t\t\t\t\t\t<\/figure>\n\t\t\t\t\t\t\t\t\t<\/div>\n\t\t\t\t<div class=\"elementor-element elementor-element-a69db58 elementor-widget elementor-widget-spacer\" data-id=\"a69db58\" data-element_type=\"widget\" data-e-type=\"widget\" data-widget_type=\"spacer.default\">\n\t\t\t\t\t\t\t<div class=\"elementor-spacer\">\n\t\t\t<div class=\"elementor-spacer-inner\"><\/div>\n\t\t<\/div>\n\t\t\t\t\t\t<\/div>\n\t\t\t\t<div class=\"elementor-element elementor-element-d0965c6 elementor-hidden-desktop elementor-hidden-tablet elementor-view-default elementor-position-block-start elementor-mobile-position-block-start elementor-widget elementor-widget-icon-box\" data-id=\"d0965c6\" data-element_type=\"widget\" data-e-type=\"widget\" data-widget_type=\"icon-box.default\">\n\t\t\t\t\t\t\t<div class=\"elementor-icon-box-wrapper\">\n\n\t\t\t\t\t\t<div class=\"elementor-icon-box-icon\">\n\t\t\t\t<span  class=\"elementor-icon\">\n\t\t\t\t<svg aria-hidden=\"true\" class=\"e-font-icon-svg e-fas-check-circle\" viewBox=\"0 0 512 512\" xmlns=\"http:\/\/www.w3.org\/2000\/svg\"><path d=\"M504 256c0 136.967-111.033 248-248 248S8 392.967 8 256 119.033 8 256 8s248 111.033 248 248zM227.314 387.314l184-184c6.248-6.248 6.248-16.379 0-22.627l-22.627-22.627c-6.248-6.249-16.379-6.249-22.628 0L216 308.118l-70.059-70.059c-6.248-6.248-16.379-6.248-22.628 0l-22.627 22.627c-6.248 6.248-6.248 16.379 0 22.627l104 104c6.249 6.249 16.379 6.249 22.628.001z\"><\/path><\/svg>\t\t\t\t<\/span>\n\t\t\t<\/div>\n\t\t\t\n\t\t\t\t\t\t<div class=\"elementor-icon-box-content\">\n\n\t\t\t\t\n\t\t\t\t\t\t\t\t\t<p class=\"elementor-icon-box-description\">\n\t\t\t\t\t\t<b>Wie bewerteten die Eltern die einzelnen Elemente der Studie?<\/b> Das Ausf\u00fcllen des Symptomtagbuchs dauerte f\u00fcr 92,3% der Eltern (eher) nicht zu lange. Die Durchf\u00fchrung der Nasenabstriche empfanden 67,2% als eher nicht oder nicht schwierig. Als h\u00e4ufigstes Problem bei den Nasenabstrichen wurde angegeben, dass das Kind geweint oder sich gewehrt hat. Die Entnahme der Stuhlprobe empfanden 86,0% als eher nicht oder nicht unangenehm.  Die schriftlichen Anleitungen zu den Entnahmen wurden von allen als verst\u00e4ndlich bewertet (stimme zu\/stimme eher zu).\t\t\t\t\t<\/p>\n\t\t\t\t\n\t\t\t<\/div>\n\t\t\t\n\t\t<\/div>\n\t\t\t\t\t\t<\/div>\n\t\t\t\t<div class=\"elementor-element elementor-element-1264f8a elementor-hidden-mobile elementor-icon-list--layout-traditional elementor-list-item-link-full_width elementor-widget elementor-widget-icon-list\" data-id=\"1264f8a\" data-element_type=\"widget\" data-e-type=\"widget\" data-widget_type=\"icon-list.default\">\n\t\t\t\t\t\t\t<ul class=\"elementor-icon-list-items\">\n\t\t\t\t\t\t\t<li class=\"elementor-icon-list-item\">\n\t\t\t\t\t\t\t\t\t\t\t<span class=\"elementor-icon-list-icon\">\n\t\t\t\t\t\t\t<svg aria-hidden=\"true\" class=\"e-font-icon-svg e-fas-check-circle\" viewBox=\"0 0 512 512\" xmlns=\"http:\/\/www.w3.org\/2000\/svg\"><path d=\"M504 256c0 136.967-111.033 248-248 248S8 392.967 8 256 119.033 8 256 8s248 111.033 248 248zM227.314 387.314l184-184c6.248-6.248 6.248-16.379 0-22.627l-22.627-22.627c-6.248-6.249-16.379-6.249-22.628 0L216 308.118l-70.059-70.059c-6.248-6.248-16.379-6.248-22.628 0l-22.627 22.627c-6.248 6.248-6.248 16.379 0 22.627l104 104c6.249 6.249 16.379 6.249 22.628.001z\"><\/path><\/svg>\t\t\t\t\t\t<\/span>\n\t\t\t\t\t\t\t\t\t\t<span class=\"elementor-icon-list-text\"><b>Wie bewerteten die Eltern die einzelnen Elemente der Studie?<\/b> Das Ausf\u00fcllen des Symptomtagbuchs dauerte f\u00fcr 92,3% der Eltern (eher) nicht zu lange. Die Durchf\u00fchrung der Nasenabstriche empfanden 67,2% als eher nicht oder nicht schwierig. Als h\u00e4ufigstes Problem bei den Nasenabstrichen wurde angegeben, dass das Kind geweint oder sich gewehrt hat. Die Entnahme der Stuhlprobe empfanden 86,0% als eher nicht oder nicht unangenehm.  Die schriftlichen Anleitungen zu den Entnahmen wurden von allen als verst\u00e4ndlich bewertet (stimme zu\/stimme eher zu).<\/span>\n\t\t\t\t\t\t\t\t\t<\/li>\n\t\t\t\t\t\t<\/ul>\n\t\t\t\t\t\t<\/div>\n\t\t\t\t<div class=\"elementor-element elementor-element-e8d2739 elementor-widget elementor-widget-spacer\" data-id=\"e8d2739\" data-element_type=\"widget\" data-e-type=\"widget\" data-widget_type=\"spacer.default\">\n\t\t\t\t\t\t\t<div class=\"elementor-spacer\">\n\t\t\t<div class=\"elementor-spacer-inner\"><\/div>\n\t\t<\/div>\n\t\t\t\t\t\t<\/div>\n\t\t\t\t<div class=\"elementor-element elementor-element-2d739b0 elementor-view-default elementor-widget elementor-widget-icon\" data-id=\"2d739b0\" data-element_type=\"widget\" data-e-type=\"widget\" data-widget_type=\"icon.default\">\n\t\t\t\t\t\t\t<div class=\"elementor-icon-wrapper\">\n\t\t\t<div class=\"elementor-icon\">\n\t\t\t<svg aria-hidden=\"true\" class=\"e-font-icon-svg e-fas-lightbulb\" viewBox=\"0 0 352 512\" xmlns=\"http:\/\/www.w3.org\/2000\/svg\"><path d=\"M96.06 454.35c.01 6.29 1.87 12.45 5.36 17.69l17.09 25.69a31.99 31.99 0 0 0 26.64 14.28h61.71a31.99 31.99 0 0 0 26.64-14.28l17.09-25.69a31.989 31.989 0 0 0 5.36-17.69l.04-38.35H96.01l.05 38.35zM0 176c0 44.37 16.45 84.85 43.56 115.78 16.52 18.85 42.36 58.23 52.21 91.45.04.26.07.52.11.78h160.24c.04-.26.07-.51.11-.78 9.85-33.22 35.69-72.6 52.21-91.45C335.55 260.85 352 220.37 352 176 352 78.61 272.91-.3 175.45 0 73.44.31 0 82.97 0 176zm176-80c-44.11 0-80 35.89-80 80 0 8.84-7.16 16-16 16s-16-7.16-16-16c0-61.76 50.24-112 112-112 8.84 0 16 7.16 16 16s-7.16 16-16 16z\"><\/path><\/svg>\t\t\t<\/div>\n\t\t<\/div>\n\t\t\t\t\t\t<\/div>\n\t\t\t\t<div class=\"elementor-element elementor-element-265c64e elementor-widget elementor-widget-heading\" data-id=\"265c64e\" data-element_type=\"widget\" data-e-type=\"widget\" data-widget_type=\"heading.default\">\n\t\t\t\t\t<h2 class=\"elementor-heading-title elementor-size-medium\">WAS HABEN WIR F\u00dcR DIE LANGZEITSTUDIE GELERNT?<\/h2>\t\t\t\t<\/div>\n\t\t\t\t<div class=\"elementor-element elementor-element-ace8e0f elementor-widget elementor-widget-text-editor\" data-id=\"ace8e0f\" data-element_type=\"widget\" data-e-type=\"widget\" data-widget_type=\"text-editor.default\">\n\t\t\t\t\t\t\t\t\t<p>F\u00fcr den Gro\u00dfteil der teilnehmenden Eltern waren das F\u00fchren des Symptomtagebuchs und die Entnahme der Proben akzeptabel und machbar. Qualitativ waren die von den Eltern entnommen\u00a0 Nasenabstriche zum Nachweis von Erk\u00e4ltungsviren geeignet.<\/p>\n<p>Dank der Anmerkungen der Eltern werden wir f\u00fcr die Langzeitstudie noch einige Ver\u00e4nderungen, insbesondere am Symptomtagebuch, vornehmen.<\/p>\n<p>Im Durchschnitt hatten die teilnehmenden Kinder an fast einem Drittel der Studientage Schnupfen und Husten. In der Langzeitstudie werden die Eltern gebeten, bei jeder Erk\u00e4ltung Nasenabstriche zu entnehmen. F\u00fcr die Langzeitstudie m\u00fcssen wir daher f\u00fcr die Zeit, in der die teilnehmenden Kinder in der Kita sind, mit einer gro\u00dfen Anzahl von Nasenabstrichen rechnen.<\/p>\t\t\t\t\t\t\t\t<\/div>\n\t\t\t\t<div class=\"elementor-element elementor-element-4b37638 elementor-widget elementor-widget-spacer\" data-id=\"4b37638\" data-element_type=\"widget\" data-e-type=\"widget\" data-widget_type=\"spacer.default\">\n\t\t\t\t\t\t\t<div class=\"elementor-spacer\">\n\t\t\t<div class=\"elementor-spacer-inner\"><\/div>\n\t\t<\/div>\n\t\t\t\t\t\t<\/div>\n\t\t\t\t<div class=\"elementor-element elementor-element-b547e97 elementor-widget-divider--view-line elementor-widget elementor-widget-divider\" data-id=\"b547e97\" data-element_type=\"widget\" data-e-type=\"widget\" data-widget_type=\"divider.default\">\n\t\t\t\t\t\t\t<div class=\"elementor-divider\">\n\t\t\t<span class=\"elementor-divider-separator\">\n\t\t\t\t\t\t<\/span>\n\t\t<\/div>\n\t\t\t\t\t\t<\/div>\n\t\t\t\t<div class=\"elementor-element elementor-element-94da11e elementor-widget elementor-widget-spacer\" data-id=\"94da11e\" data-element_type=\"widget\" data-e-type=\"widget\" data-widget_type=\"spacer.default\">\n\t\t\t\t\t\t\t<div class=\"elementor-spacer\">\n\t\t\t<div class=\"elementor-spacer-inner\"><\/div>\n\t\t<\/div>\n\t\t\t\t\t\t<\/div>\n\t\t\t\t<div class=\"elementor-element elementor-element-2e45152 elementor-widget elementor-widget-text-editor\" data-id=\"2e45152\" data-element_type=\"widget\" data-e-type=\"widget\" data-widget_type=\"text-editor.default\">\n\t\t\t\t\t\t\t\t\t<p><strong>Originalarbeit<\/strong>: Beate Zoch, Andr\u00e9 Karch, Johannes Dreesman, Masyar Monazahian, Armin Baillot, Rafael T. Mikolajczyk. <a href=\"https:\/\/bmcinfectdis.biomedcentral.com\/articles\/10.1186\/s12879-015-1189-0\">Feasibility of a birth cohort study dedicated to assessing acute infections using symptom diaries and parental collection of biomaterials<\/a>. BMC Infectious Diseases (2015) 15:436.<\/p>\t\t\t\t\t\t\t\t<\/div>\n\t\t\t\t<div class=\"elementor-element elementor-element-0a7e96f elementor-widget elementor-widget-spacer\" data-id=\"0a7e96f\" data-element_type=\"widget\" data-e-type=\"widget\" data-widget_type=\"spacer.default\">\n\t\t\t\t\t\t\t<div class=\"elementor-spacer\">\n\t\t\t<div class=\"elementor-spacer-inner\"><\/div>\n\t\t<\/div>\n\t\t\t\t\t\t<\/div>\n\t\t\t\t\t<\/div>\n\t\t<\/div>\n\t\t\t\t\t<\/div>\n\t\t<\/section>\n\t\t\t\t<\/div>\n\t\t","protected":false},"excerpt":{"rendered":"<p>VORSTUDIE ZUR MACHBARKEIT Im Rahmen der Vorstudie wollten wir die von uns entwickelten Materialien zur Erfassung von Erk\u00e4ltungen und Magen-Darm-Erkrankungen bei Kleinkindern testen. Au\u00dferdem sammelten wir erste Ergebnisse bez\u00fcglich der H\u00e4ufigkeit von Infektionen bei Kleinkindern in Kitas. Die Vorstudie wurde von November 2013 bis Juni 2014 durchgef\u00fchrt. Wer hat an der Studie teilgenommen? Insgesamt nahmen [&hellip;]<\/p>\n","protected":false},"author":3,"featured_media":0,"parent":15,"menu_order":1,"comment_status":"closed","ping_status":"closed","template":"","meta":{"footnotes":""},"class_list":["post-219","page","type-page","status-publish","hentry"],"_links":{"self":[{"href":"https:\/\/webszh.uk-halle.de\/loewenkids\/wp-json\/wp\/v2\/pages\/219","targetHints":{"allow":["GET"]}}],"collection":[{"href":"https:\/\/webszh.uk-halle.de\/loewenkids\/wp-json\/wp\/v2\/pages"}],"about":[{"href":"https:\/\/webszh.uk-halle.de\/loewenkids\/wp-json\/wp\/v2\/types\/page"}],"author":[{"embeddable":true,"href":"https:\/\/webszh.uk-halle.de\/loewenkids\/wp-json\/wp\/v2\/users\/3"}],"replies":[{"embeddable":true,"href":"https:\/\/webszh.uk-halle.de\/loewenkids\/wp-json\/wp\/v2\/comments?post=219"}],"version-history":[{"count":34,"href":"https:\/\/webszh.uk-halle.de\/loewenkids\/wp-json\/wp\/v2\/pages\/219\/revisions"}],"predecessor-version":[{"id":2296,"href":"https:\/\/webszh.uk-halle.de\/loewenkids\/wp-json\/wp\/v2\/pages\/219\/revisions\/2296"}],"up":[{"embeddable":true,"href":"https:\/\/webszh.uk-halle.de\/loewenkids\/wp-json\/wp\/v2\/pages\/15"}],"wp:attachment":[{"href":"https:\/\/webszh.uk-halle.de\/loewenkids\/wp-json\/wp\/v2\/media?parent=219"}],"curies":[{"name":"wp","href":"https:\/\/api.w.org\/{rel}","templated":true}]}}