{"id":10,"date":"2018-01-15T11:54:49","date_gmt":"2018-01-15T10:54:49","guid":{"rendered":"http:\/\/web.uk-halle.de\/loewenkids\/?page_id=10"},"modified":"2025-12-02T21:48:42","modified_gmt":"2025-12-02T20:48:42","slug":"aktuelles","status":"publish","type":"page","link":"https:\/\/webszh.uk-halle.de\/loewenkids\/aktuelles\/","title":{"rendered":"Aktuelles"},"content":{"rendered":"\t\t<div data-elementor-type=\"wp-page\" data-elementor-id=\"10\" class=\"elementor elementor-10\" data-elementor-post-type=\"page\">\n\t\t\t\t\t\t<section class=\"elementor-section elementor-top-section elementor-element elementor-element-28236c4 elementor-section-boxed elementor-section-height-default elementor-section-height-default\" data-id=\"28236c4\" data-element_type=\"section\" data-e-type=\"section\">\n\t\t\t\t\t\t<div class=\"elementor-container elementor-column-gap-default\">\n\t\t\t\t\t<div class=\"elementor-column elementor-col-100 elementor-top-column elementor-element elementor-element-bf38959\" data-id=\"bf38959\" data-element_type=\"column\" data-e-type=\"column\">\n\t\t\t<div class=\"elementor-widget-wrap elementor-element-populated\">\n\t\t\t\t\t\t<div class=\"elementor-element elementor-element-6ed9e80 elementor-widget elementor-widget-spacer\" data-id=\"6ed9e80\" data-element_type=\"widget\" data-e-type=\"widget\" data-widget_type=\"spacer.default\">\n\t\t\t\t\t\t\t<div class=\"elementor-spacer\">\n\t\t\t<div class=\"elementor-spacer-inner\"><\/div>\n\t\t<\/div>\n\t\t\t\t\t\t<\/div>\n\t\t\t\t<div class=\"elementor-element elementor-element-47fa51a elementor-widget elementor-widget-heading\" data-id=\"47fa51a\" data-element_type=\"widget\" data-e-type=\"widget\" data-widget_type=\"heading.default\">\n\t\t\t\t\t<h2 class=\"elementor-heading-title elementor-size-large\">AKTUELLES<\/h2>\t\t\t\t<\/div>\n\t\t\t\t<div class=\"elementor-element elementor-element-efcce3b elementor-widget-divider--view-line elementor-widget elementor-widget-divider\" data-id=\"efcce3b\" data-element_type=\"widget\" data-e-type=\"widget\" data-widget_type=\"divider.default\">\n\t\t\t\t\t\t\t<div class=\"elementor-divider\">\n\t\t\t<span class=\"elementor-divider-separator\">\n\t\t\t\t\t\t<\/span>\n\t\t<\/div>\n\t\t\t\t\t\t<\/div>\n\t\t\t\t<div class=\"elementor-element elementor-element-6d63871 elementor-widget elementor-widget-spacer\" data-id=\"6d63871\" data-element_type=\"widget\" data-e-type=\"widget\" data-widget_type=\"spacer.default\">\n\t\t\t\t\t\t\t<div class=\"elementor-spacer\">\n\t\t\t<div class=\"elementor-spacer-inner\"><\/div>\n\t\t<\/div>\n\t\t\t\t\t\t<\/div>\n\t\t\t\t<div class=\"elementor-element elementor-element-586f59b elementor-posts--align-left elementor-grid-3 elementor-grid-tablet-2 elementor-grid-mobile-1 elementor-posts--thumbnail-top elementor-posts__hover-gradient elementor-widget elementor-widget-posts\" data-id=\"586f59b\" data-element_type=\"widget\" data-e-type=\"widget\" data-settings=\"{&quot;cards_row_gap&quot;:{&quot;unit&quot;:&quot;px&quot;,&quot;size&quot;:20,&quot;sizes&quot;:[]},&quot;cards_columns&quot;:&quot;3&quot;,&quot;cards_columns_tablet&quot;:&quot;2&quot;,&quot;cards_columns_mobile&quot;:&quot;1&quot;,&quot;cards_row_gap_tablet&quot;:{&quot;unit&quot;:&quot;px&quot;,&quot;size&quot;:&quot;&quot;,&quot;sizes&quot;:[]},&quot;cards_row_gap_mobile&quot;:{&quot;unit&quot;:&quot;px&quot;,&quot;size&quot;:&quot;&quot;,&quot;sizes&quot;:[]}}\" data-widget_type=\"posts.cards\">\n\t\t\t\t<div class=\"elementor-widget-container\">\n\t\t\t\t\t\t\t<div class=\"elementor-posts-container elementor-posts elementor-posts--skin-cards elementor-grid\" role=\"list\">\n\t\t\t\t<article class=\"elementor-post elementor-grid-item post-3878 post type-post status-publish format-standard has-post-thumbnail hentry category-nicht-kategorisiert-de\" role=\"listitem\">\n\t\t\t<div class=\"elementor-post__card\">\n\t\t\t\t<a class=\"elementor-post__thumbnail__link\" href=\"https:\/\/webszh.uk-halle.de\/loewenkids\/2026\/03\/01\/akute-magen-darm-infektionen-bei-kleinkindern-viren-im-fokus-bakterien-oft-harmlos\/\" tabindex=\"-1\" ><div class=\"elementor-post__thumbnail\"><img fetchpriority=\"high\" decoding=\"async\" width=\"200\" height=\"300\" src=\"https:\/\/webszh.uk-halle.de\/loewenkids\/wp-content\/uploads\/2026\/03\/elevated-view-sick-girl-wearing-sock-having-pain-stomach-1-200x300.jpg\" class=\"attachment-medium size-medium wp-image-3901\" alt=\"Krankes Kind mit Bauchscmerzen\" srcset=\"https:\/\/webszh.uk-halle.de\/loewenkids\/wp-content\/uploads\/2026\/03\/elevated-view-sick-girl-wearing-sock-having-pain-stomach-1-200x300.jpg 200w, https:\/\/webszh.uk-halle.de\/loewenkids\/wp-content\/uploads\/2026\/03\/elevated-view-sick-girl-wearing-sock-having-pain-stomach-1-683x1024.jpg 683w, https:\/\/webszh.uk-halle.de\/loewenkids\/wp-content\/uploads\/2026\/03\/elevated-view-sick-girl-wearing-sock-having-pain-stomach-1-768x1151.jpg 768w, https:\/\/webszh.uk-halle.de\/loewenkids\/wp-content\/uploads\/2026\/03\/elevated-view-sick-girl-wearing-sock-having-pain-stomach-1-1025x1536.jpg 1025w, https:\/\/webszh.uk-halle.de\/loewenkids\/wp-content\/uploads\/2026\/03\/elevated-view-sick-girl-wearing-sock-having-pain-stomach-1-1367x2048.jpg 1367w, https:\/\/webszh.uk-halle.de\/loewenkids\/wp-content\/uploads\/2026\/03\/elevated-view-sick-girl-wearing-sock-having-pain-stomach-1-scaled.jpg 1709w\" sizes=\"(max-width: 200px) 100vw, 200px\" \/><\/div><\/a>\n\t\t\t\t<div class=\"elementor-post__text\">\n\t\t\t\t<h3 class=\"elementor-post__title\">\n\t\t\t<a href=\"https:\/\/webszh.uk-halle.de\/loewenkids\/2026\/03\/01\/akute-magen-darm-infektionen-bei-kleinkindern-viren-im-fokus-bakterien-oft-harmlos\/\" >\n\t\t\t\tAkute Magen-Darm-Infektionen bei Kleinkindern: Viren im Fokus, Bakterien oft weniger bedeutend\t\t\t<\/a>\n\t\t<\/h3>\n\t\t\t\t<div class=\"elementor-post__excerpt\">\n\t\t\t<p>Akute Magen-Darm-Infektionen (AGE) geh\u00f6ren in den ersten beiden Lebensjahren zu den h\u00e4ufigen Erkrankungen. Doch welche Erreger stecken tats\u00e4chlich hinter den Beschwerden \u2013 und wie relevant<\/p>\n\t\t<\/div>\n\t\t\n\t\t<a class=\"elementor-post__read-more\" href=\"https:\/\/webszh.uk-halle.de\/loewenkids\/2026\/03\/01\/akute-magen-darm-infektionen-bei-kleinkindern-viren-im-fokus-bakterien-oft-harmlos\/\" aria-label=\"Mehr \u00fcber Akute Magen-Darm-Infektionen bei Kleinkindern: Viren im Fokus, Bakterien oft weniger bedeutend\" tabindex=\"-1\" >\n\t\t\tWeiterlesen\t\t<\/a>\n\n\t\t\t\t<\/div>\n\t\t\t\t<div class=\"elementor-post__meta-data\">\n\t\t\t\t\t<span class=\"elementor-post-date\">\n\t\t\t1. M\u00e4rz 2026\t\t<\/span>\n\t\t\t\t<\/div>\n\t\t\t\t\t<\/div>\n\t\t<\/article>\n\t\t\t\t<article class=\"elementor-post elementor-grid-item post-3796 post type-post status-publish format-standard has-post-thumbnail hentry category-neuigkeiten\" role=\"listitem\">\n\t\t\t<div class=\"elementor-post__card\">\n\t\t\t\t<a class=\"elementor-post__thumbnail__link\" href=\"https:\/\/webszh.uk-halle.de\/loewenkids\/2025\/12\/16\/loewenkids-adventskalender-verschickt-2\/\" tabindex=\"-1\" ><div class=\"elementor-post__thumbnail\"><img decoding=\"async\" width=\"225\" height=\"300\" src=\"https:\/\/webszh.uk-halle.de\/loewenkids\/wp-content\/uploads\/2025\/12\/LoewenKIDS_Weihnachtskarte-225x300.jpg\" class=\"attachment-medium size-medium wp-image-3798\" alt=\"L\u00f6wenpl\u00fcschtier sitzt im Weihnachtsbaum mit Weihnachtskarte\" srcset=\"https:\/\/webszh.uk-halle.de\/loewenkids\/wp-content\/uploads\/2025\/12\/LoewenKIDS_Weihnachtskarte-225x300.jpg 225w, https:\/\/webszh.uk-halle.de\/loewenkids\/wp-content\/uploads\/2025\/12\/LoewenKIDS_Weihnachtskarte-768x1024.jpg 768w, https:\/\/webszh.uk-halle.de\/loewenkids\/wp-content\/uploads\/2025\/12\/LoewenKIDS_Weihnachtskarte-1152x1536.jpg 1152w, https:\/\/webszh.uk-halle.de\/loewenkids\/wp-content\/uploads\/2025\/12\/LoewenKIDS_Weihnachtskarte-1536x2048.jpg 1536w, https:\/\/webszh.uk-halle.de\/loewenkids\/wp-content\/uploads\/2025\/12\/LoewenKIDS_Weihnachtskarte-scaled.jpg 1920w\" sizes=\"(max-width: 225px) 100vw, 225px\" \/><\/div><\/a>\n\t\t\t\t<div class=\"elementor-post__text\">\n\t\t\t\t<h3 class=\"elementor-post__title\">\n\t\t\t<a href=\"https:\/\/webszh.uk-halle.de\/loewenkids\/2025\/12\/16\/loewenkids-adventskalender-verschickt-2\/\" >\n\t\t\t\tL\u00f6wenKIDS Adventskalender verschickt\t\t\t<\/a>\n\t\t<\/h3>\n\t\t\t\t<div class=\"elementor-post__excerpt\">\n\t\t\t<p>P\u00fcnktlich zum 1. Dezember durften sich alle L\u00f6wenKIDS-Familien \u00fcber ein ganz besonderes Geschenk freuen: unseren selbst gestalteten Online-Adventskalender! Der Zugang dazu sollte hoffentlich sicher im<\/p>\n\t\t<\/div>\n\t\t\n\t\t<a class=\"elementor-post__read-more\" href=\"https:\/\/webszh.uk-halle.de\/loewenkids\/2025\/12\/16\/loewenkids-adventskalender-verschickt-2\/\" aria-label=\"Mehr \u00fcber L\u00f6wenKIDS Adventskalender verschickt\" tabindex=\"-1\" >\n\t\t\tWeiterlesen\t\t<\/a>\n\n\t\t\t\t<\/div>\n\t\t\t\t<div class=\"elementor-post__meta-data\">\n\t\t\t\t\t<span class=\"elementor-post-date\">\n\t\t\t16. Dezember 2025\t\t<\/span>\n\t\t\t\t<\/div>\n\t\t\t\t\t<\/div>\n\t\t<\/article>\n\t\t\t\t<article class=\"elementor-post elementor-grid-item post-3292 post type-post status-publish format-standard has-post-thumbnail hentry category-neuigkeiten\" role=\"listitem\">\n\t\t\t<div class=\"elementor-post__card\">\n\t\t\t\t<a class=\"elementor-post__thumbnail__link\" href=\"https:\/\/webszh.uk-halle.de\/loewenkids\/2025\/06\/19\/neue-erkenntnisse-zu-rsv-antikoerpern-bei-kleinkindern-dank-loewenkids-daten\/\" tabindex=\"-1\" ><div class=\"elementor-post__thumbnail\"><img decoding=\"async\" width=\"256\" height=\"300\" src=\"https:\/\/webszh.uk-halle.de\/loewenkids\/wp-content\/uploads\/2025\/06\/national-cancer-institute-9k4Fglw6eFQ-unsplash-256x300.jpg\" class=\"attachment-medium size-medium wp-image-3294\" alt=\"\" srcset=\"https:\/\/webszh.uk-halle.de\/loewenkids\/wp-content\/uploads\/2025\/06\/national-cancer-institute-9k4Fglw6eFQ-unsplash-256x300.jpg 256w, https:\/\/webszh.uk-halle.de\/loewenkids\/wp-content\/uploads\/2025\/06\/national-cancer-institute-9k4Fglw6eFQ-unsplash-874x1024.jpg 874w, https:\/\/webszh.uk-halle.de\/loewenkids\/wp-content\/uploads\/2025\/06\/national-cancer-institute-9k4Fglw6eFQ-unsplash-768x899.jpg 768w, https:\/\/webszh.uk-halle.de\/loewenkids\/wp-content\/uploads\/2025\/06\/national-cancer-institute-9k4Fglw6eFQ-unsplash-1312x1536.jpg 1312w, https:\/\/webszh.uk-halle.de\/loewenkids\/wp-content\/uploads\/2025\/06\/national-cancer-institute-9k4Fglw6eFQ-unsplash-1749x2048.jpg 1749w\" sizes=\"(max-width: 256px) 100vw, 256px\" \/><\/div><\/a>\n\t\t\t\t<div class=\"elementor-post__text\">\n\t\t\t\t<h3 class=\"elementor-post__title\">\n\t\t\t<a href=\"https:\/\/webszh.uk-halle.de\/loewenkids\/2025\/06\/19\/neue-erkenntnisse-zu-rsv-antikoerpern-bei-kleinkindern-dank-loewenkids-daten\/\" >\n\t\t\t\tNeue Erkenntnisse zu RSV-Antik\u00f6rpern bei Kleinkindern dank L\u00f6wenKIDS-Daten\t\t\t<\/a>\n\t\t<\/h3>\n\t\t\t\t<div class=\"elementor-post__excerpt\">\n\t\t\t<p>Respiratorische Synzytialviren (RSV) geh\u00f6ren zu den h\u00e4ufigsten Erregern akuter Atemwegsinfektionen bei S\u00e4uglingen und Kleinkindern. Doch wie l\u00e4sst sich zuverl\u00e4ssig erkennen, ob ein Kind bereits eine<\/p>\n\t\t<\/div>\n\t\t\n\t\t<a class=\"elementor-post__read-more\" href=\"https:\/\/webszh.uk-halle.de\/loewenkids\/2025\/06\/19\/neue-erkenntnisse-zu-rsv-antikoerpern-bei-kleinkindern-dank-loewenkids-daten\/\" aria-label=\"Mehr \u00fcber Neue Erkenntnisse zu RSV-Antik\u00f6rpern bei Kleinkindern dank L\u00f6wenKIDS-Daten\" tabindex=\"-1\" >\n\t\t\tWeiterlesen\t\t<\/a>\n\n\t\t\t\t<\/div>\n\t\t\t\t<div class=\"elementor-post__meta-data\">\n\t\t\t\t\t<span class=\"elementor-post-date\">\n\t\t\t19. Juni 2025\t\t<\/span>\n\t\t\t\t<\/div>\n\t\t\t\t\t<\/div>\n\t\t<\/article>\n\t\t\t\t<article class=\"elementor-post elementor-grid-item post-3281 post type-post status-publish format-standard has-post-thumbnail hentry category-neuigkeiten\" role=\"listitem\">\n\t\t\t<div class=\"elementor-post__card\">\n\t\t\t\t<a class=\"elementor-post__thumbnail__link\" href=\"https:\/\/webszh.uk-halle.de\/loewenkids\/2025\/06\/18\/wie-oft-sind-kinder-wirklich-erkaeltet-neue-auswertung-aus-der-loewenkids-studie-gibt-antworten\/\" tabindex=\"-1\" ><div class=\"elementor-post__thumbnail\"><img loading=\"lazy\" decoding=\"async\" width=\"243\" height=\"300\" src=\"https:\/\/webszh.uk-halle.de\/loewenkids\/wp-content\/uploads\/2025\/06\/amirul-muiz-ludVBUyD5LI-unsplash-243x300.jpg\" class=\"attachment-medium size-medium wp-image-3288\" alt=\"\" srcset=\"https:\/\/webszh.uk-halle.de\/loewenkids\/wp-content\/uploads\/2025\/06\/amirul-muiz-ludVBUyD5LI-unsplash-243x300.jpg 243w, https:\/\/webszh.uk-halle.de\/loewenkids\/wp-content\/uploads\/2025\/06\/amirul-muiz-ludVBUyD5LI-unsplash-830x1024.jpg 830w, https:\/\/webszh.uk-halle.de\/loewenkids\/wp-content\/uploads\/2025\/06\/amirul-muiz-ludVBUyD5LI-unsplash-768x947.jpg 768w, https:\/\/webszh.uk-halle.de\/loewenkids\/wp-content\/uploads\/2025\/06\/amirul-muiz-ludVBUyD5LI-unsplash-1245x1536.jpg 1245w, https:\/\/webszh.uk-halle.de\/loewenkids\/wp-content\/uploads\/2025\/06\/amirul-muiz-ludVBUyD5LI-unsplash-1660x2048.jpg 1660w\" sizes=\"(max-width: 243px) 100vw, 243px\" \/><\/div><\/a>\n\t\t\t\t<div class=\"elementor-post__text\">\n\t\t\t\t<h3 class=\"elementor-post__title\">\n\t\t\t<a href=\"https:\/\/webszh.uk-halle.de\/loewenkids\/2025\/06\/18\/wie-oft-sind-kinder-wirklich-erkaeltet-neue-auswertung-aus-der-loewenkids-studie-gibt-antworten\/\" >\n\t\t\t\tWie oft sind Kinder wirklich erk\u00e4ltet? Neue Auswertung aus der L\u00f6wenKIDS-Studie gibt Antworten\t\t\t<\/a>\n\t\t<\/h3>\n\t\t\t\t<div class=\"elementor-post__excerpt\">\n\t\t\t<p>Atemwegsinfektionen (ARIs) geh\u00f6ren in den ersten Lebensjahren fast schon zum Alltag vieler Familien. Doch wie h\u00e4ufig sind Kinder tats\u00e4chlich krank \u2013 und was beeinflusst, ob<\/p>\n\t\t<\/div>\n\t\t\n\t\t<a class=\"elementor-post__read-more\" href=\"https:\/\/webszh.uk-halle.de\/loewenkids\/2025\/06\/18\/wie-oft-sind-kinder-wirklich-erkaeltet-neue-auswertung-aus-der-loewenkids-studie-gibt-antworten\/\" aria-label=\"Mehr \u00fcber Wie oft sind Kinder wirklich erk\u00e4ltet? Neue Auswertung aus der L\u00f6wenKIDS-Studie gibt Antworten\" tabindex=\"-1\" >\n\t\t\tWeiterlesen\t\t<\/a>\n\n\t\t\t\t<\/div>\n\t\t\t\t<div class=\"elementor-post__meta-data\">\n\t\t\t\t\t<span class=\"elementor-post-date\">\n\t\t\t18. Juni 2025\t\t<\/span>\n\t\t\t\t<\/div>\n\t\t\t\t\t<\/div>\n\t\t<\/article>\n\t\t\t\t<article class=\"elementor-post elementor-grid-item post-3271 post type-post status-publish format-standard has-post-thumbnail hentry category-neuigkeiten\" role=\"listitem\">\n\t\t\t<div class=\"elementor-post__card\">\n\t\t\t\t<a class=\"elementor-post__thumbnail__link\" href=\"https:\/\/webszh.uk-halle.de\/loewenkids\/2025\/06\/17\/unsere-wissenschaftlerin-auf-der-espid-konferenz-in-bukarest\/\" tabindex=\"-1\" ><div class=\"elementor-post__thumbnail\"><img loading=\"lazy\" decoding=\"async\" width=\"225\" height=\"300\" src=\"https:\/\/webszh.uk-halle.de\/loewenkids\/wp-content\/uploads\/2025\/06\/WhatsApp-Image-2025-06-03-at-11.13.20-225x300.jpeg\" class=\"attachment-medium size-medium wp-image-3273\" alt=\"\" srcset=\"https:\/\/webszh.uk-halle.de\/loewenkids\/wp-content\/uploads\/2025\/06\/WhatsApp-Image-2025-06-03-at-11.13.20-225x300.jpeg 225w, https:\/\/webszh.uk-halle.de\/loewenkids\/wp-content\/uploads\/2025\/06\/WhatsApp-Image-2025-06-03-at-11.13.20-768x1024.jpeg 768w, https:\/\/webszh.uk-halle.de\/loewenkids\/wp-content\/uploads\/2025\/06\/WhatsApp-Image-2025-06-03-at-11.13.20-1152x1536.jpeg 1152w, https:\/\/webszh.uk-halle.de\/loewenkids\/wp-content\/uploads\/2025\/06\/WhatsApp-Image-2025-06-03-at-11.13.20.jpeg 1200w\" sizes=\"(max-width: 225px) 100vw, 225px\" \/><\/div><\/a>\n\t\t\t\t<div class=\"elementor-post__text\">\n\t\t\t\t<h3 class=\"elementor-post__title\">\n\t\t\t<a href=\"https:\/\/webszh.uk-halle.de\/loewenkids\/2025\/06\/17\/unsere-wissenschaftlerin-auf-der-espid-konferenz-in-bukarest\/\" >\n\t\t\t\tUnsere Wissenschaftlerin auf der ESPID-Konferenz in Bukarest\t\t\t<\/a>\n\t\t<\/h3>\n\t\t\t\t<div class=\"elementor-post__excerpt\">\n\t\t\t<p>Ende Mai 2025 war unsere Wissenschaftlerin Dr. Cornelia Gottschick auf der renommierten ESPID-Konferenz (European Society for Paediatric Infectious Diseases) in Bukarest, Rum\u00e4nien. Die Veranstaltung fand<\/p>\n\t\t<\/div>\n\t\t\n\t\t<a class=\"elementor-post__read-more\" href=\"https:\/\/webszh.uk-halle.de\/loewenkids\/2025\/06\/17\/unsere-wissenschaftlerin-auf-der-espid-konferenz-in-bukarest\/\" aria-label=\"Mehr \u00fcber Unsere Wissenschaftlerin auf der ESPID-Konferenz in Bukarest\" tabindex=\"-1\" >\n\t\t\tWeiterlesen\t\t<\/a>\n\n\t\t\t\t<\/div>\n\t\t\t\t<div class=\"elementor-post__meta-data\">\n\t\t\t\t\t<span class=\"elementor-post-date\">\n\t\t\t17. Juni 2025\t\t<\/span>\n\t\t\t\t<\/div>\n\t\t\t\t\t<\/div>\n\t\t<\/article>\n\t\t\t\t<article class=\"elementor-post elementor-grid-item post-3262 post type-post status-publish format-standard has-post-thumbnail hentry category-neuigkeiten\" role=\"listitem\">\n\t\t\t<div class=\"elementor-post__card\">\n\t\t\t\t<a class=\"elementor-post__thumbnail__link\" href=\"https:\/\/webszh.uk-halle.de\/loewenkids\/2025\/06\/16\/zweite-promotion-mit-loewenkids-daten-erfolgreich-abgeschlossen\/\" tabindex=\"-1\" ><div class=\"elementor-post__thumbnail\"><img loading=\"lazy\" decoding=\"async\" width=\"225\" height=\"300\" src=\"https:\/\/webszh.uk-halle.de\/loewenkids\/wp-content\/uploads\/2025\/06\/Foto8-225x300.jpg\" class=\"attachment-medium size-medium wp-image-3265\" alt=\"\" srcset=\"https:\/\/webszh.uk-halle.de\/loewenkids\/wp-content\/uploads\/2025\/06\/Foto8-225x300.jpg 225w, https:\/\/webszh.uk-halle.de\/loewenkids\/wp-content\/uploads\/2025\/06\/Foto8-768x1024.jpg 768w, https:\/\/webszh.uk-halle.de\/loewenkids\/wp-content\/uploads\/2025\/06\/Foto8-1152x1536.jpg 1152w, https:\/\/webszh.uk-halle.de\/loewenkids\/wp-content\/uploads\/2025\/06\/Foto8-1536x2048.jpg 1536w, https:\/\/webszh.uk-halle.de\/loewenkids\/wp-content\/uploads\/2025\/06\/Foto8-scaled.jpg 1920w\" sizes=\"(max-width: 225px) 100vw, 225px\" \/><\/div><\/a>\n\t\t\t\t<div class=\"elementor-post__text\">\n\t\t\t\t<h3 class=\"elementor-post__title\">\n\t\t\t<a href=\"https:\/\/webszh.uk-halle.de\/loewenkids\/2025\/06\/16\/zweite-promotion-mit-loewenkids-daten-erfolgreich-abgeschlossen\/\" >\n\t\t\t\tZweite Promotion mit L\u00f6wenKIDS-Daten erfolgreich abgeschlossen\t\t\t<\/a>\n\t\t<\/h3>\n\t\t\t\t<div class=\"elementor-post__excerpt\">\n\t\t\t<p>Wir freuen uns sehr, mitteilen zu k\u00f6nnen, dass nun bereits die zweite Doktorarbeit erfolgreich mit Daten aus der L\u00f6wenKIDS-Studie abgeschlossen wurde! Unsere Doktorandin hat ihre<\/p>\n\t\t<\/div>\n\t\t\n\t\t<a class=\"elementor-post__read-more\" href=\"https:\/\/webszh.uk-halle.de\/loewenkids\/2025\/06\/16\/zweite-promotion-mit-loewenkids-daten-erfolgreich-abgeschlossen\/\" aria-label=\"Mehr \u00fcber Zweite Promotion mit L\u00f6wenKIDS-Daten erfolgreich abgeschlossen\" tabindex=\"-1\" >\n\t\t\tWeiterlesen\t\t<\/a>\n\n\t\t\t\t<\/div>\n\t\t\t\t<div class=\"elementor-post__meta-data\">\n\t\t\t\t\t<span class=\"elementor-post-date\">\n\t\t\t16. Juni 2025\t\t<\/span>\n\t\t\t\t<\/div>\n\t\t\t\t\t<\/div>\n\t\t<\/article>\n\t\t\t\t<article class=\"elementor-post elementor-grid-item post-3052 post type-post status-publish format-standard has-post-thumbnail hentry category-neuigkeiten tag-adventskalender tag-adventskalender-2024\" role=\"listitem\">\n\t\t\t<div class=\"elementor-post__card\">\n\t\t\t\t<a class=\"elementor-post__thumbnail__link\" href=\"https:\/\/webszh.uk-halle.de\/loewenkids\/2024\/11\/29\/loewenkids-adventskalender-verschickt\/\" tabindex=\"-1\" ><div class=\"elementor-post__thumbnail\"><img loading=\"lazy\" decoding=\"async\" width=\"300\" height=\"300\" src=\"https:\/\/webszh.uk-halle.de\/loewenkids\/wp-content\/uploads\/2024\/11\/LK-Posts3-300x300.png\" class=\"attachment-medium size-medium wp-image-3050\" alt=\"\" srcset=\"https:\/\/webszh.uk-halle.de\/loewenkids\/wp-content\/uploads\/2024\/11\/LK-Posts3-300x300.png 300w, https:\/\/webszh.uk-halle.de\/loewenkids\/wp-content\/uploads\/2024\/11\/LK-Posts3-1024x1024.png 1024w, https:\/\/webszh.uk-halle.de\/loewenkids\/wp-content\/uploads\/2024\/11\/LK-Posts3-150x150.png 150w, https:\/\/webszh.uk-halle.de\/loewenkids\/wp-content\/uploads\/2024\/11\/LK-Posts3-768x768.png 768w, https:\/\/webszh.uk-halle.de\/loewenkids\/wp-content\/uploads\/2024\/11\/LK-Posts3.png 1080w\" sizes=\"(max-width: 300px) 100vw, 300px\" \/><\/div><\/a>\n\t\t\t\t<div class=\"elementor-post__text\">\n\t\t\t\t<h3 class=\"elementor-post__title\">\n\t\t\t<a href=\"https:\/\/webszh.uk-halle.de\/loewenkids\/2024\/11\/29\/loewenkids-adventskalender-verschickt\/\" >\n\t\t\t\tL\u00f6wenKIDS Adventskalender verschickt\t\t\t<\/a>\n\t\t<\/h3>\n\t\t\t\t<div class=\"elementor-post__excerpt\">\n\t\t\t<p>Genau rechtzeitig zum 1. Dezember sollten alle L\u00f6wenKIDS Familien unseren selbst gestalteten Adventskalender im Briefkasten finden.\u00a0Neben Weihnachtsgeschichten von Lio gibt es R\u00e4tsel, Rezepte und Lieder,<\/p>\n\t\t<\/div>\n\t\t\n\t\t<a class=\"elementor-post__read-more\" href=\"https:\/\/webszh.uk-halle.de\/loewenkids\/2024\/11\/29\/loewenkids-adventskalender-verschickt\/\" aria-label=\"Mehr \u00fcber L\u00f6wenKIDS Adventskalender verschickt\" tabindex=\"-1\" >\n\t\t\tWeiterlesen\t\t<\/a>\n\n\t\t\t\t<\/div>\n\t\t\t\t<div class=\"elementor-post__meta-data\">\n\t\t\t\t\t<span class=\"elementor-post-date\">\n\t\t\t29. November 2024\t\t<\/span>\n\t\t\t\t<\/div>\n\t\t\t\t\t<\/div>\n\t\t<\/article>\n\t\t\t\t<article class=\"elementor-post elementor-grid-item post-2739 post type-post status-publish format-standard has-post-thumbnail hentry category-neuigkeiten\" role=\"listitem\">\n\t\t\t<div class=\"elementor-post__card\">\n\t\t\t\t<a class=\"elementor-post__thumbnail__link\" href=\"https:\/\/webszh.uk-halle.de\/loewenkids\/2024\/06\/19\/sommer-newsletter-2024\/\" tabindex=\"-1\" ><div class=\"elementor-post__thumbnail\"><img loading=\"lazy\" decoding=\"async\" width=\"300\" height=\"225\" src=\"https:\/\/webszh.uk-halle.de\/loewenkids\/wp-content\/uploads\/2024\/06\/WhatsApp-Image-2024-06-20-at-14.35.06-300x225.jpeg\" class=\"attachment-medium size-medium wp-image-2784\" alt=\"\" srcset=\"https:\/\/webszh.uk-halle.de\/loewenkids\/wp-content\/uploads\/2024\/06\/WhatsApp-Image-2024-06-20-at-14.35.06-300x225.jpeg 300w, https:\/\/webszh.uk-halle.de\/loewenkids\/wp-content\/uploads\/2024\/06\/WhatsApp-Image-2024-06-20-at-14.35.06-1024x768.jpeg 1024w, https:\/\/webszh.uk-halle.de\/loewenkids\/wp-content\/uploads\/2024\/06\/WhatsApp-Image-2024-06-20-at-14.35.06-768x576.jpeg 768w, https:\/\/webszh.uk-halle.de\/loewenkids\/wp-content\/uploads\/2024\/06\/WhatsApp-Image-2024-06-20-at-14.35.06-1536x1152.jpeg 1536w, https:\/\/webszh.uk-halle.de\/loewenkids\/wp-content\/uploads\/2024\/06\/WhatsApp-Image-2024-06-20-at-14.35.06.jpeg 1600w\" sizes=\"(max-width: 300px) 100vw, 300px\" \/><\/div><\/a>\n\t\t\t\t<div class=\"elementor-post__text\">\n\t\t\t\t<h3 class=\"elementor-post__title\">\n\t\t\t<a href=\"https:\/\/webszh.uk-halle.de\/loewenkids\/2024\/06\/19\/sommer-newsletter-2024\/\" >\n\t\t\t\tSommer-Newsletter 2024\t\t\t<\/a>\n\t\t<\/h3>\n\t\t\t\t<div class=\"elementor-post__excerpt\">\n\t\t\t<p>Der aktuelle L\u00f6wenKIDS-Newsletter ist frisch gedruckt und zum Versand bereit. In unserer aktuellen Sommerausgabe dreht sich alles um das Thema Sport und Freizeit. Daf\u00fcr haben<\/p>\n\t\t<\/div>\n\t\t\n\t\t<a class=\"elementor-post__read-more\" href=\"https:\/\/webszh.uk-halle.de\/loewenkids\/2024\/06\/19\/sommer-newsletter-2024\/\" aria-label=\"Mehr \u00fcber Sommer-Newsletter 2024\" tabindex=\"-1\" >\n\t\t\tWeiterlesen\t\t<\/a>\n\n\t\t\t\t<\/div>\n\t\t\t\t<div class=\"elementor-post__meta-data\">\n\t\t\t\t\t<span class=\"elementor-post-date\">\n\t\t\t19. Juni 2024\t\t<\/span>\n\t\t\t\t<\/div>\n\t\t\t\t\t<\/div>\n\t\t<\/article>\n\t\t\t\t<article class=\"elementor-post elementor-grid-item post-2723 post type-post status-publish format-standard has-post-thumbnail hentry category-neuigkeiten\" role=\"listitem\">\n\t\t\t<div class=\"elementor-post__card\">\n\t\t\t\t<a class=\"elementor-post__thumbnail__link\" href=\"https:\/\/webszh.uk-halle.de\/loewenkids\/2023\/12\/15\/winter-newsletter-2023\/\" tabindex=\"-1\" ><div class=\"elementor-post__thumbnail\"><img loading=\"lazy\" decoding=\"async\" width=\"300\" height=\"131\" src=\"https:\/\/webszh.uk-halle.de\/loewenkids\/wp-content\/uploads\/2023\/12\/WhatsApp-Image-2023-12-14-at-14.49.40-e1702564793631-300x131.jpeg\" class=\"attachment-medium size-medium wp-image-2734\" alt=\"\" srcset=\"https:\/\/webszh.uk-halle.de\/loewenkids\/wp-content\/uploads\/2023\/12\/WhatsApp-Image-2023-12-14-at-14.49.40-e1702564793631-300x131.jpeg 300w, https:\/\/webszh.uk-halle.de\/loewenkids\/wp-content\/uploads\/2023\/12\/WhatsApp-Image-2023-12-14-at-14.49.40-e1702564793631-768x335.jpeg 768w, https:\/\/webszh.uk-halle.de\/loewenkids\/wp-content\/uploads\/2023\/12\/WhatsApp-Image-2023-12-14-at-14.49.40-e1702564793631.jpeg 900w\" sizes=\"(max-width: 300px) 100vw, 300px\" \/><\/div><\/a>\n\t\t\t\t<div class=\"elementor-post__text\">\n\t\t\t\t<h3 class=\"elementor-post__title\">\n\t\t\t<a href=\"https:\/\/webszh.uk-halle.de\/loewenkids\/2023\/12\/15\/winter-newsletter-2023\/\" >\n\t\t\t\tWinter-Newsletter 2023\t\t\t<\/a>\n\t\t<\/h3>\n\t\t\t\t<div class=\"elementor-post__excerpt\">\n\t\t\t<p>Winter-Newsletter 2023 wird verschickt Der aktuelle L\u00f6wenKIDS-Newsletter ist frisch gedruckt und zum Versand bereit. In unserer diesj\u00e4hrigen Weihnachtsausgabe dreht sich alles um das Thema Stress.<\/p>\n\t\t<\/div>\n\t\t\n\t\t<a class=\"elementor-post__read-more\" href=\"https:\/\/webszh.uk-halle.de\/loewenkids\/2023\/12\/15\/winter-newsletter-2023\/\" aria-label=\"Mehr \u00fcber Winter-Newsletter 2023\" tabindex=\"-1\" >\n\t\t\tWeiterlesen\t\t<\/a>\n\n\t\t\t\t<\/div>\n\t\t\t\t<div class=\"elementor-post__meta-data\">\n\t\t\t\t\t<span class=\"elementor-post-date\">\n\t\t\t15. Dezember 2023\t\t<\/span>\n\t\t\t\t<\/div>\n\t\t\t\t\t<\/div>\n\t\t<\/article>\n\t\t\t\t<article class=\"elementor-post elementor-grid-item post-2673 post type-post status-publish format-standard has-post-thumbnail hentry category-sommerfest\" role=\"listitem\">\n\t\t\t<div class=\"elementor-post__card\">\n\t\t\t\t<a class=\"elementor-post__thumbnail__link\" href=\"https:\/\/webszh.uk-halle.de\/loewenkids\/2023\/07\/06\/loewenkids-sommerfest-am-imebi-in-halle\/\" tabindex=\"-1\" ><div class=\"elementor-post__thumbnail\"><img loading=\"lazy\" decoding=\"async\" width=\"300\" height=\"176\" src=\"https:\/\/webszh.uk-halle.de\/loewenkids\/wp-content\/uploads\/2023\/07\/sf-pic-300x176.png\" class=\"attachment-medium size-medium wp-image-2674\" alt=\"\" srcset=\"https:\/\/webszh.uk-halle.de\/loewenkids\/wp-content\/uploads\/2023\/07\/sf-pic-300x176.png 300w, https:\/\/webszh.uk-halle.de\/loewenkids\/wp-content\/uploads\/2023\/07\/sf-pic-1024x599.png 1024w, https:\/\/webszh.uk-halle.de\/loewenkids\/wp-content\/uploads\/2023\/07\/sf-pic-768x449.png 768w, https:\/\/webszh.uk-halle.de\/loewenkids\/wp-content\/uploads\/2023\/07\/sf-pic.png 1080w\" sizes=\"(max-width: 300px) 100vw, 300px\" \/><\/div><\/a>\n\t\t\t\t<div class=\"elementor-post__text\">\n\t\t\t\t<h3 class=\"elementor-post__title\">\n\t\t\t<a href=\"https:\/\/webszh.uk-halle.de\/loewenkids\/2023\/07\/06\/loewenkids-sommerfest-am-imebi-in-halle\/\" >\n\t\t\t\tL\u00f6wenKIDS-Sommerfest am IMEBI in Halle\t\t\t<\/a>\n\t\t<\/h3>\n\t\t\t\t<div class=\"elementor-post__excerpt\">\n\t\t\t<p>Auch dieses Jahr veranstalteten wir wieder ein L\u00f6wenKIDS-Sommerfest. Dieses Mal konnten wir am Standort Halle am Institut f\u00fcr Medizinische Epidemiologie, Biometrie und Informatik insgesamt 20<\/p>\n\t\t<\/div>\n\t\t\n\t\t<a class=\"elementor-post__read-more\" href=\"https:\/\/webszh.uk-halle.de\/loewenkids\/2023\/07\/06\/loewenkids-sommerfest-am-imebi-in-halle\/\" aria-label=\"Mehr \u00fcber L\u00f6wenKIDS-Sommerfest am IMEBI in Halle\" tabindex=\"-1\" >\n\t\t\tWeiterlesen\t\t<\/a>\n\n\t\t\t\t<\/div>\n\t\t\t\t<div class=\"elementor-post__meta-data\">\n\t\t\t\t\t<span class=\"elementor-post-date\">\n\t\t\t6. Juli 2023\t\t<\/span>\n\t\t\t\t<\/div>\n\t\t\t\t\t<\/div>\n\t\t<\/article>\n\t\t\t\t<article class=\"elementor-post elementor-grid-item post-2606 post type-post status-publish format-standard has-post-thumbnail hentry category-sommerfest\" role=\"listitem\">\n\t\t\t<div class=\"elementor-post__card\">\n\t\t\t\t<a class=\"elementor-post__thumbnail__link\" href=\"https:\/\/webszh.uk-halle.de\/loewenkids\/2023\/06\/06\/wi\/\" tabindex=\"-1\" ><div class=\"elementor-post__thumbnail\"><img loading=\"lazy\" decoding=\"async\" width=\"300\" height=\"191\" src=\"https:\/\/webszh.uk-halle.de\/loewenkids\/wp-content\/uploads\/2023\/06\/Sommerfest-23-300x191.png\" class=\"attachment-medium size-medium wp-image-2645\" alt=\"\" srcset=\"https:\/\/webszh.uk-halle.de\/loewenkids\/wp-content\/uploads\/2023\/06\/Sommerfest-23-300x191.png 300w, https:\/\/webszh.uk-halle.de\/loewenkids\/wp-content\/uploads\/2023\/06\/Sommerfest-23-768x489.png 768w, https:\/\/webszh.uk-halle.de\/loewenkids\/wp-content\/uploads\/2023\/06\/Sommerfest-23.png 902w\" sizes=\"(max-width: 300px) 100vw, 300px\" \/><\/div><\/a>\n\t\t\t\t<div class=\"elementor-post__text\">\n\t\t\t\t<h3 class=\"elementor-post__title\">\n\t\t\t<a href=\"https:\/\/webszh.uk-halle.de\/loewenkids\/2023\/06\/06\/wi\/\" >\n\t\t\t\tWir laden zum L\u00f6wenKIDS Sommerfest &#8217;23 ein!\t\t\t<\/a>\n\t\t<\/h3>\n\t\t\t\t<div class=\"elementor-post__excerpt\">\n\t\t\t<p>Liebe L\u00f6wenKIDS-Familien, wir m\u00f6chten Sie herzlich am Mittwoch, den 28.06.2023 zum L\u00f6wenKIDS-Sommerfest einladen. Ab 16:00 Uhr k\u00f6nnt ihr uns in Halle (Saale) auf dem Medizincampus<\/p>\n\t\t<\/div>\n\t\t\n\t\t<a class=\"elementor-post__read-more\" href=\"https:\/\/webszh.uk-halle.de\/loewenkids\/2023\/06\/06\/wi\/\" aria-label=\"Mehr \u00fcber Wir laden zum L\u00f6wenKIDS Sommerfest &#8217;23 ein!\" tabindex=\"-1\" >\n\t\t\tWeiterlesen\t\t<\/a>\n\n\t\t\t\t<\/div>\n\t\t\t\t<div class=\"elementor-post__meta-data\">\n\t\t\t\t\t<span class=\"elementor-post-date\">\n\t\t\t6. Juni 2023\t\t<\/span>\n\t\t\t\t<\/div>\n\t\t\t\t\t<\/div>\n\t\t<\/article>\n\t\t\t\t<article class=\"elementor-post elementor-grid-item post-2212 post type-post status-publish format-standard has-post-thumbnail hentry category-nicht-kategorisiert-de\" role=\"listitem\">\n\t\t\t<div class=\"elementor-post__card\">\n\t\t\t\t<a class=\"elementor-post__thumbnail__link\" href=\"https:\/\/webszh.uk-halle.de\/loewenkids\/2022\/09\/22\/loewenkids-sommerfest-am-hzi-in-braunschweig-ein-voller-erfolg\/\" tabindex=\"-1\" ><div class=\"elementor-post__thumbnail\"><img loading=\"lazy\" decoding=\"async\" width=\"300\" height=\"200\" src=\"https:\/\/webszh.uk-halle.de\/loewenkids\/wp-content\/uploads\/2022\/09\/IMG_0551-300x200.jpg\" class=\"attachment-medium size-medium wp-image-2228\" alt=\"\" srcset=\"https:\/\/webszh.uk-halle.de\/loewenkids\/wp-content\/uploads\/2022\/09\/IMG_0551-300x200.jpg 300w, https:\/\/webszh.uk-halle.de\/loewenkids\/wp-content\/uploads\/2022\/09\/IMG_0551-1024x683.jpg 1024w, https:\/\/webszh.uk-halle.de\/loewenkids\/wp-content\/uploads\/2022\/09\/IMG_0551-768x512.jpg 768w, https:\/\/webszh.uk-halle.de\/loewenkids\/wp-content\/uploads\/2022\/09\/IMG_0551-1536x1024.jpg 1536w, https:\/\/webszh.uk-halle.de\/loewenkids\/wp-content\/uploads\/2022\/09\/IMG_0551-2048x1365.jpg 2048w\" sizes=\"(max-width: 300px) 100vw, 300px\" \/><\/div><\/a>\n\t\t\t\t<div class=\"elementor-post__text\">\n\t\t\t\t<h3 class=\"elementor-post__title\">\n\t\t\t<a href=\"https:\/\/webszh.uk-halle.de\/loewenkids\/2022\/09\/22\/loewenkids-sommerfest-am-hzi-in-braunschweig-ein-voller-erfolg\/\" >\n\t\t\t\tL\u00f6wenKIDS-Sommerfest am HZI in Braunschweig ein voller Erfolg\t\t\t<\/a>\n\t\t<\/h3>\n\t\t\t\t<div class=\"elementor-post__excerpt\">\n\t\t\t<p>Am 12. September 2022 machte sich das Studienteam aus Halle mit Studienleiter Prof. Rafael Mikolajczyk und acht weiteren KollegInnen auf den Weg zum Helmholtz-Zentrum f\u00fcr<\/p>\n\t\t<\/div>\n\t\t\n\t\t<a class=\"elementor-post__read-more\" href=\"https:\/\/webszh.uk-halle.de\/loewenkids\/2022\/09\/22\/loewenkids-sommerfest-am-hzi-in-braunschweig-ein-voller-erfolg\/\" aria-label=\"Mehr \u00fcber L\u00f6wenKIDS-Sommerfest am HZI in Braunschweig ein voller Erfolg\" tabindex=\"-1\" >\n\t\t\tWeiterlesen\t\t<\/a>\n\n\t\t\t\t<\/div>\n\t\t\t\t<div class=\"elementor-post__meta-data\">\n\t\t\t\t\t<span class=\"elementor-post-date\">\n\t\t\t22. September 2022\t\t<\/span>\n\t\t\t\t<\/div>\n\t\t\t\t\t<\/div>\n\t\t<\/article>\n\t\t\t\t<\/div>\n\t\t\n\t\t\t\t\t\t<\/div>\n\t\t\t\t<\/div>\n\t\t\t\t<div class=\"elementor-element elementor-element-6de0b6c elementor-widget elementor-widget-spacer\" data-id=\"6de0b6c\" data-element_type=\"widget\" data-e-type=\"widget\" data-widget_type=\"spacer.default\">\n\t\t\t\t\t\t\t<div class=\"elementor-spacer\">\n\t\t\t<div class=\"elementor-spacer-inner\"><\/div>\n\t\t<\/div>\n\t\t\t\t\t\t<\/div>\n\t\t\t\t\t<\/div>\n\t\t<\/div>\n\t\t\t\t\t<\/div>\n\t\t<\/section>\n\t\t\t\t<\/div>\n\t\t","protected":false},"excerpt":{"rendered":"<p>AKTUELLES<\/p>\n","protected":false},"author":1,"featured_media":0,"parent":0,"menu_order":0,"comment_status":"closed","ping_status":"closed","template":"","meta":{"footnotes":""},"class_list":["post-10","page","type-page","status-publish","hentry"],"_links":{"self":[{"href":"https:\/\/webszh.uk-halle.de\/loewenkids\/wp-json\/wp\/v2\/pages\/10","targetHints":{"allow":["GET"]}}],"collection":[{"href":"https:\/\/webszh.uk-halle.de\/loewenkids\/wp-json\/wp\/v2\/pages"}],"about":[{"href":"https:\/\/webszh.uk-halle.de\/loewenkids\/wp-json\/wp\/v2\/types\/page"}],"author":[{"embeddable":true,"href":"https:\/\/webszh.uk-halle.de\/loewenkids\/wp-json\/wp\/v2\/users\/1"}],"replies":[{"embeddable":true,"href":"https:\/\/webszh.uk-halle.de\/loewenkids\/wp-json\/wp\/v2\/comments?post=10"}],"version-history":[{"count":95,"href":"https:\/\/webszh.uk-halle.de\/loewenkids\/wp-json\/wp\/v2\/pages\/10\/revisions"}],"predecessor-version":[{"id":3649,"href":"https:\/\/webszh.uk-halle.de\/loewenkids\/wp-json\/wp\/v2\/pages\/10\/revisions\/3649"}],"wp:attachment":[{"href":"https:\/\/webszh.uk-halle.de\/loewenkids\/wp-json\/wp\/v2\/media?parent=10"}],"curies":[{"name":"wp","href":"https:\/\/api.w.org\/{rel}","templated":true}]}}